{"id":3563,"date":"2026-03-16T15:22:15","date_gmt":"2026-03-16T14:22:15","guid":{"rendered":"https:\/\/festivalclunydanse.com\/?page_id=3563"},"modified":"2026-04-10T13:28:22","modified_gmt":"2026-04-10T11:28:22","slug":"mozaik-cie-kafig-mourad-merzouki","status":"publish","type":"page","link":"https:\/\/festivalclunydanse.com\/?page_id=3563","title":{"rendered":"Mosa\u00efk &#8211; Cie Kaf\u00efg, Mourad Merzouki"},"content":{"rendered":"\n<div class=\"wp-block-columns is-layout-flex wp-container-core-columns-is-layout-9d6595d7 wp-block-columns-is-layout-flex\">\n<div class=\"wp-block-column is-layout-flow wp-block-column-is-layout-flow\" style=\"flex-basis:70px\"><\/div>\n\n\n\n<div class=\"wp-block-column is-layout-flow wp-block-column-is-layout-flow\">\n<figure class=\"wp-block-video\"><video height=\"1080\" style=\"aspect-ratio: 1920 \/ 1080;\" width=\"1920\" controls src=\"https:\/\/festivalclunydanse.com\/wp-content\/uploads\/2026\/02\/Teaser_MOSAIK.mp4\"><\/video><\/figure>\n<\/div>\n\n\n\n<div class=\"wp-block-column is-layout-flow wp-block-column-is-layout-flow\" style=\"flex-basis:70px\"><\/div>\n<\/div>\n\n\n<p><span style=\"color: #000000;\"><strong>Samedi 16 mai 2026<\/strong><\/span><br \/><span style=\"color: #000000;\"><strong>Heure de jeu<\/strong> : 19h30<\/span><br \/><span style=\"color: #000000;\"><strong>Lieu<\/strong> : Parc Abbatial<\/span><br \/><span style=\"color: #000000;\"><strong>Dur\u00e9e<\/strong> : 55 minutes\u00a0<\/span><br \/><span style=\"color: #000000;\">Tout public <\/span><\/p>\n<header class=\"cartouche\">\n<div class=\"crayon article-chapo-1976274 chapo surlignable\">\u00a0<\/div>\n<\/header>\n<div class=\"contenu_s\">\n<div class=\"main col-xs-12 col-sm-8\">\n<div class=\"crayon article-texte-1976274 texte surlignable\">\n<p><span style=\"color: #000000;\">De la boxe au cirque, en passant par la musique classique ou la danse a\u00e9rienne, d\u2019une cr\u00e9ation \u00e0 l\u2019autre, le spectateur est embarqu\u00e9 dans un <\/span><br class=\"autobr\" \/><span style=\"color: #000000;\">nouvel univers, toujours singulier, po\u00e9tique, visuel. Chaque cr\u00e9ation est le fruit de rencontres artistiques inattendues. Chacune \u00e0 sa mani\u00e8re fait <\/span><br class=\"autobr\" \/><span style=\"color: #000000;\">bouger les lignes, contourne les clich\u00e9s, transcende les fronti\u00e8res esth\u00e9tiques et d\u00e9voile la danse hip-hop sous de nouvelles perspectives. Dans ce vaste m\u00e9tissage artistique qu\u2019est son r\u00e9pertoire, Mourad Merzouki appara\u00eet comme un cr\u00e9ateur-alchimiste. En 2022, \u00e0 l\u2019occasion de sa fin de mandat au Centre chor\u00e9graphique national de Cr\u00e9teil et du Val-de-Marne, il a propos\u00e9 une travers\u00e9e de son parcours artistique, invitant au plateau pr\u00e8s de 30 danseurs de <\/span><br class=\"autobr\" \/><span style=\"color: #000000;\">la compagnie K\u00e4fig pour r\u00e9-interpr\u00e9ter quelques extraits de spectacles, dont les univers se font \u00e9cho pour la premi\u00e8re fois sur sc\u00e8ne. Aujourd\u2019hui, avec cette envie constante de favoriser la rencontre avec tous les publics, Mourad Merzouki imagine une nouvelle forme, <i>Mosa\u00efk<\/i>. Avec cinq interpr\u00e8tes au plateau, cette pi\u00e8ce chor\u00e9graphique \u00ab\u00a0tout-terrain\u00a0\u00bb est pens\u00e9e pour s\u2019adapter \u00e0 tout type de sc\u00e8ne, en int\u00e9rieur comme en ext\u00e9rieur, mais aussi pour jouer dans des espaces non d\u00e9di\u00e9s \u00e0 la danse. De <i>K\u00e4fig<\/i> (1996) \u00e0 <i>La Couleur de la grenade<\/i> (2024), Mourad Merzouki propose de (re)vivre les moments forts de son r\u00e9pertoire artistique qui ont marqu\u00e9 plusieurs g\u00e9n\u00e9rations d\u2019un public toujours aussi fid\u00e8le !<\/span><\/p>\n<\/div>\n<\/div>\n<\/div>\n<p><span style=\"color: #000000;\">En partenariat avec la ville de Cluny<\/span>\u00a0<\/p>\n<p class=\"p1\"><span style=\"color: #000000;\"><strong>Compagnie K\u00e4fig<\/strong><\/span><\/p>\n<p class=\"p1\"><span style=\"color: #000000;\"><strong>Direction artistique et chor\u00e9graphie<\/strong> : Mourad Merzouki, assist\u00e9 de Kader Belmoktar<\/span><br \/><span style=\"color: #000000;\"><strong>Production<\/strong> : P\u00f4le en Sc\u00e8nes<\/span><br \/><span style=\"color: #000000;\"><strong>Costumes<\/strong> : Nadine Chabannier<\/span><br \/><span style=\"color: #000000;\"><strong>Interpr\u00e9tation<\/strong> : Aliz\u00e9e Mea Br\u00fble, Christophe Gellon, Oussama El Yousfi, Hatim Laamarti, Charlotte Garbin<\/span><br \/><span style=\"color: #000000;\"><strong>R\u00e9gie<\/strong> : Sammy Lallemand<\/span><br \/><span style=\"color: #000000;\">\u00c0 partir de 7 ans<\/span><\/p>\n<p class=\"p1\"><span style=\"color: #000000;\">Le chor\u00e9graphe Mourad Merzouki, figure du mouvement hip-hop depuis le d\u00e9but des ann\u00e9es 1990, inscrit son travail au carrefour de multiples disciplines. Autour de la danse hip-hop explor\u00e9e dans tous ses styles, se greffent le cirque, les arts martiaux, les arts plastiques, la vid\u00e9o et la musique live. Sans perdre de vue les racines du mouvement, ses origines sociales et g\u00e9ographiques, cette confrontation permet d\u2019ouvrir de nouveaux horizons \u00e0 la danse et d\u00e9gage des points de vue in\u00e9dits.<\/span><\/p>\n<p class=\"p1\"><span style=\"color: #000000;\">La <a href=\"https:\/\/kafig.com\">compagnie K\u00e4fig<\/a> est en r\u00e9sidence au Th\u00e9\u00e2tre Th\u00e9o Argence \u2013 Ville de Saint-Priest. La compagnie K\u00e4fig est \u00e9galement soutenue par le Minist\u00e8re de la Culture, la R\u00e9gion Auvergne-Rh\u00f4ne-Alpes et P\u00f4le en Sc\u00e8nes.<\/span><\/p>\n\n\n<div class=\"wp-block-group is-layout-grid wp-container-core-group-is-layout-9649a0d9 wp-block-group-is-layout-grid\">\n<figure class=\"wp-block-image size-full\"><img decoding=\"async\" width=\"1024\" height=\"1024\" src=\"https:\/\/festivalclunydanse.com\/wp-content\/uploads\/2026\/03\/logo-villedecluny-rouge-2-1024x1024-1.jpg\" alt=\"\" class=\"wp-image-3671\" srcset=\"https:\/\/festivalclunydanse.com\/wp-content\/uploads\/2026\/03\/logo-villedecluny-rouge-2-1024x1024-1.jpg 1024w, https:\/\/festivalclunydanse.com\/wp-content\/uploads\/2026\/03\/logo-villedecluny-rouge-2-1024x1024-1-300x300.jpg 300w, https:\/\/festivalclunydanse.com\/wp-content\/uploads\/2026\/03\/logo-villedecluny-rouge-2-1024x1024-1-150x150.jpg 150w, https:\/\/festivalclunydanse.com\/wp-content\/uploads\/2026\/03\/logo-villedecluny-rouge-2-1024x1024-1-768x768.jpg 768w, https:\/\/festivalclunydanse.com\/wp-content\/uploads\/2026\/03\/logo-villedecluny-rouge-2-1024x1024-1-230x230.jpg 230w, https:\/\/festivalclunydanse.com\/wp-content\/uploads\/2026\/03\/logo-villedecluny-rouge-2-1024x1024-1-365x365.jpg 365w\" sizes=\"(max-width: 1024px) 100vw, 1024px\" \/><\/figure>\n<\/div>\n\n\n\n<p><\/p>\n","protected":false},"excerpt":{"rendered":"<p>Samedi 16 mai 2026Heure de jeu : 19h30Lieu : Parc AbbatialDur\u00e9e : 55 minutes\u00a0Tout public \u00a0 De la boxe au cirque, en passant par la musique classique ou la danse a\u00e9rienne, d\u2019une cr\u00e9ation \u00e0 l\u2019autre, le spectateur est embarqu\u00e9 dans<\/p>\n","protected":false},"author":1,"featured_media":0,"parent":0,"menu_order":0,"comment_status":"closed","ping_status":"closed","template":"","meta":{"_exactmetrics_skip_tracking":false,"_exactmetrics_sitenote_active":false,"_exactmetrics_sitenote_note":"","_exactmetrics_sitenote_category":0,"footnotes":""},"class_list":["post-3563","page","type-page","status-publish","hentry"],"yoast_head":"<!-- This site is optimized with the Yoast SEO plugin v27.5 - https:\/\/yoast.com\/product\/yoast-seo-wordpress\/ -->\n<title>Mosa\u00efk - Cie Kaf\u00efg, Mourad Merzouki - Festival Cluny Danse<\/title>\n<meta name=\"robots\" content=\"index, follow, max-snippet:-1, max-image-preview:large, max-video-preview:-1\" \/>\n<link rel=\"canonical\" href=\"https:\/\/festivalclunydanse.com\/?page_id=3563\" \/>\n<meta property=\"og:locale\" content=\"fr_FR\" \/>\n<meta property=\"og:type\" content=\"article\" \/>\n<meta property=\"og:title\" content=\"Mosa\u00efk - Cie Kaf\u00efg, Mourad Merzouki - Festival Cluny Danse\" \/>\n<meta property=\"og:description\" content=\"Samedi 16 mai 2026Heure de jeu : 19h30Lieu : Parc AbbatialDur\u00e9e : 55 minutes\u00a0Tout public \u00a0 De la boxe au cirque, en passant par la musique classique ou la danse a\u00e9rienne, d\u2019une cr\u00e9ation \u00e0 l\u2019autre, le spectateur est embarqu\u00e9 dans\" \/>\n<meta property=\"og:url\" content=\"https:\/\/festivalclunydanse.com\/?page_id=3563\" \/>\n<meta property=\"og:site_name\" content=\"Festival Cluny Danse\" \/>\n<meta property=\"article:publisher\" content=\"http:\/\/facebook.com\/legrandjete.celle\" \/>\n<meta property=\"article:modified_time\" content=\"2026-04-10T11:28:22+00:00\" \/>\n<meta property=\"og:image\" content=\"https:\/\/festivalclunydanse.com\/wp-content\/uploads\/2026\/03\/logo-villedecluny-rouge-2-1024x1024-1.jpg\" \/>\n\t<meta property=\"og:image:width\" content=\"1024\" \/>\n\t<meta property=\"og:image:height\" content=\"1024\" \/>\n\t<meta property=\"og:image:type\" content=\"image\/jpeg\" \/>\n<meta name=\"twitter:card\" content=\"summary_large_image\" \/>\n<meta name=\"twitter:label1\" content=\"Dur\u00e9e de lecture est.\" \/>\n\t<meta name=\"twitter:data1\" content=\"3 minutes\" \/>\n<script type=\"application\/ld+json\" class=\"yoast-schema-graph\">{\"@context\":\"https:\\\/\\\/schema.org\",\"@graph\":[{\"@type\":\"WebPage\",\"@id\":\"https:\\\/\\\/festivalclunydanse.com\\\/?page_id=3563\",\"url\":\"https:\\\/\\\/festivalclunydanse.com\\\/?page_id=3563\",\"name\":\"Mosa\u00efk - Cie Kaf\u00efg, Mourad Merzouki - Festival Cluny Danse\",\"isPartOf\":{\"@id\":\"https:\\\/\\\/festivalclunydanse.com\\\/#website\"},\"primaryImageOfPage\":{\"@id\":\"https:\\\/\\\/festivalclunydanse.com\\\/?page_id=3563#primaryimage\"},\"image\":{\"@id\":\"https:\\\/\\\/festivalclunydanse.com\\\/?page_id=3563#primaryimage\"},\"thumbnailUrl\":\"https:\\\/\\\/festivalclunydanse.com\\\/wp-content\\\/uploads\\\/2026\\\/03\\\/logo-villedecluny-rouge-2-1024x1024-1.jpg\",\"datePublished\":\"2026-03-16T14:22:15+00:00\",\"dateModified\":\"2026-04-10T11:28:22+00:00\",\"breadcrumb\":{\"@id\":\"https:\\\/\\\/festivalclunydanse.com\\\/?page_id=3563#breadcrumb\"},\"inLanguage\":\"fr-BE\",\"potentialAction\":[{\"@type\":\"ReadAction\",\"target\":[\"https:\\\/\\\/festivalclunydanse.com\\\/?page_id=3563\"]}]},{\"@type\":\"ImageObject\",\"inLanguage\":\"fr-BE\",\"@id\":\"https:\\\/\\\/festivalclunydanse.com\\\/?page_id=3563#primaryimage\",\"url\":\"https:\\\/\\\/festivalclunydanse.com\\\/wp-content\\\/uploads\\\/2026\\\/03\\\/logo-villedecluny-rouge-2-1024x1024-1.jpg\",\"contentUrl\":\"https:\\\/\\\/festivalclunydanse.com\\\/wp-content\\\/uploads\\\/2026\\\/03\\\/logo-villedecluny-rouge-2-1024x1024-1.jpg\",\"width\":1024,\"height\":1024},{\"@type\":\"BreadcrumbList\",\"@id\":\"https:\\\/\\\/festivalclunydanse.com\\\/?page_id=3563#breadcrumb\",\"itemListElement\":[{\"@type\":\"ListItem\",\"position\":1,\"name\":\"Home\",\"item\":\"https:\\\/\\\/festivalclunydanse.com\\\/\"},{\"@type\":\"ListItem\",\"position\":2,\"name\":\"Mosa\u00efk &#8211; Cie Kaf\u00efg, Mourad Merzouki\"}]},{\"@type\":\"WebSite\",\"@id\":\"https:\\\/\\\/festivalclunydanse.com\\\/#website\",\"url\":\"https:\\\/\\\/festivalclunydanse.com\\\/\",\"name\":\"Festival Cluny Danse\",\"description\":\"Organisateur : Compagnie Le grand jet\u00e9 ! \",\"potentialAction\":[{\"@type\":\"SearchAction\",\"target\":{\"@type\":\"EntryPoint\",\"urlTemplate\":\"https:\\\/\\\/festivalclunydanse.com\\\/?s={search_term_string}\"},\"query-input\":{\"@type\":\"PropertyValueSpecification\",\"valueRequired\":true,\"valueName\":\"search_term_string\"}}],\"inLanguage\":\"fr-BE\"}]}<\/script>\n<!-- \/ Yoast SEO plugin. -->","yoast_head_json":{"title":"Mosa\u00efk - Cie Kaf\u00efg, Mourad Merzouki - Festival Cluny Danse","robots":{"index":"index","follow":"follow","max-snippet":"max-snippet:-1","max-image-preview":"max-image-preview:large","max-video-preview":"max-video-preview:-1"},"canonical":"https:\/\/festivalclunydanse.com\/?page_id=3563","og_locale":"fr_FR","og_type":"article","og_title":"Mosa\u00efk - Cie Kaf\u00efg, Mourad Merzouki - Festival Cluny Danse","og_description":"Samedi 16 mai 2026Heure de jeu : 19h30Lieu : Parc AbbatialDur\u00e9e : 55 minutes\u00a0Tout public \u00a0 De la boxe au cirque, en passant par la musique classique ou la danse a\u00e9rienne, d\u2019une cr\u00e9ation \u00e0 l\u2019autre, le spectateur est embarqu\u00e9 dans","og_url":"https:\/\/festivalclunydanse.com\/?page_id=3563","og_site_name":"Festival Cluny Danse","article_publisher":"http:\/\/facebook.com\/legrandjete.celle","article_modified_time":"2026-04-10T11:28:22+00:00","og_image":[{"width":1024,"height":1024,"url":"https:\/\/festivalclunydanse.com\/wp-content\/uploads\/2026\/03\/logo-villedecluny-rouge-2-1024x1024-1.jpg","type":"image\/jpeg"}],"twitter_card":"summary_large_image","twitter_misc":{"Dur\u00e9e de lecture est.":"3 minutes"},"schema":{"@context":"https:\/\/schema.org","@graph":[{"@type":"WebPage","@id":"https:\/\/festivalclunydanse.com\/?page_id=3563","url":"https:\/\/festivalclunydanse.com\/?page_id=3563","name":"Mosa\u00efk - Cie Kaf\u00efg, Mourad Merzouki - Festival Cluny Danse","isPartOf":{"@id":"https:\/\/festivalclunydanse.com\/#website"},"primaryImageOfPage":{"@id":"https:\/\/festivalclunydanse.com\/?page_id=3563#primaryimage"},"image":{"@id":"https:\/\/festivalclunydanse.com\/?page_id=3563#primaryimage"},"thumbnailUrl":"https:\/\/festivalclunydanse.com\/wp-content\/uploads\/2026\/03\/logo-villedecluny-rouge-2-1024x1024-1.jpg","datePublished":"2026-03-16T14:22:15+00:00","dateModified":"2026-04-10T11:28:22+00:00","breadcrumb":{"@id":"https:\/\/festivalclunydanse.com\/?page_id=3563#breadcrumb"},"inLanguage":"fr-BE","potentialAction":[{"@type":"ReadAction","target":["https:\/\/festivalclunydanse.com\/?page_id=3563"]}]},{"@type":"ImageObject","inLanguage":"fr-BE","@id":"https:\/\/festivalclunydanse.com\/?page_id=3563#primaryimage","url":"https:\/\/festivalclunydanse.com\/wp-content\/uploads\/2026\/03\/logo-villedecluny-rouge-2-1024x1024-1.jpg","contentUrl":"https:\/\/festivalclunydanse.com\/wp-content\/uploads\/2026\/03\/logo-villedecluny-rouge-2-1024x1024-1.jpg","width":1024,"height":1024},{"@type":"BreadcrumbList","@id":"https:\/\/festivalclunydanse.com\/?page_id=3563#breadcrumb","itemListElement":[{"@type":"ListItem","position":1,"name":"Home","item":"https:\/\/festivalclunydanse.com\/"},{"@type":"ListItem","position":2,"name":"Mosa\u00efk &#8211; Cie Kaf\u00efg, Mourad Merzouki"}]},{"@type":"WebSite","@id":"https:\/\/festivalclunydanse.com\/#website","url":"https:\/\/festivalclunydanse.com\/","name":"Festival Cluny Danse","description":"Organisateur : Compagnie Le grand jet\u00e9 ! ","potentialAction":[{"@type":"SearchAction","target":{"@type":"EntryPoint","urlTemplate":"https:\/\/festivalclunydanse.com\/?s={search_term_string}"},"query-input":{"@type":"PropertyValueSpecification","valueRequired":true,"valueName":"search_term_string"}}],"inLanguage":"fr-BE"}]}},"_links":{"self":[{"href":"https:\/\/festivalclunydanse.com\/index.php?rest_route=\/wp\/v2\/pages\/3563","targetHints":{"allow":["GET"]}}],"collection":[{"href":"https:\/\/festivalclunydanse.com\/index.php?rest_route=\/wp\/v2\/pages"}],"about":[{"href":"https:\/\/festivalclunydanse.com\/index.php?rest_route=\/wp\/v2\/types\/page"}],"author":[{"embeddable":true,"href":"https:\/\/festivalclunydanse.com\/index.php?rest_route=\/wp\/v2\/users\/1"}],"replies":[{"embeddable":true,"href":"https:\/\/festivalclunydanse.com\/index.php?rest_route=%2Fwp%2Fv2%2Fcomments&post=3563"}],"version-history":[{"count":9,"href":"https:\/\/festivalclunydanse.com\/index.php?rest_route=\/wp\/v2\/pages\/3563\/revisions"}],"predecessor-version":[{"id":3931,"href":"https:\/\/festivalclunydanse.com\/index.php?rest_route=\/wp\/v2\/pages\/3563\/revisions\/3931"}],"wp:attachment":[{"href":"https:\/\/festivalclunydanse.com\/index.php?rest_route=%2Fwp%2Fv2%2Fmedia&parent=3563"}],"curies":[{"name":"wp","href":"https:\/\/api.w.org\/{rel}","templated":true}]}}